{"id":25902,"date":"2025-07-03T11:25:19","date_gmt":"2025-07-03T09:25:19","guid":{"rendered":"https:\/\/nuggelasule.com\/?page_id=25902"},"modified":"2025-07-03T11:25:19","modified_gmt":"2025-07-03T09:25:19","slug":"extrato-trevo-vermelho","status":"publish","type":"page","link":"https:\/\/nuggelasule.com\/pt\/extrato-trevo-vermelho\/","title":{"rendered":"Trevo Vermelho"},"content":{"rendered":"  <div id=\"page-header-1041257414\" class=\"page-header-wrapper\">\n  <div class=\"page-title dark simple-title has-parallax\">\n\n        <div class=\"page-title-bg\">\n      <div class=\"title-bg fill bg-fill\"\n        data-parallax-container=\".page-title\"\n        data-parallax-background\n        data-parallax=\"-6\">\n      <\/div>\n      <div class=\"title-overlay fill\"><\/div>\n    <\/div>\n    \n    <div class=\"page-title-inner container align-center text-center flex-row-col medium-flex-wrap\" data-parallax-fade=\"true\" data-parallax=\"-1\">\n            <div class=\"title-content flex-col\">\n              <\/div>\n    <\/div>\n\n     \n<style>\n#page-header-1041257414 .page-title-inner {\n  min-height: 400px;\n}\n#page-header-1041257414 {\n  margin-bottom: 0px;\n}\n#page-header-1041257414 .title-bg {\n  background-image: url(https:\/\/nuggelasule.com\/wp-content\/uploads\/2025\/07\/TREBOL-ROJO.jpg);\n}\n<\/style>\n  <\/div>\n    <\/div>\n  \n<div class=\"text-center\"><div class=\"is-divider divider clearfix\" style=\"background-color:rgb(255, 255, 255);\"><\/div><\/div>\n<h1>TREVO VERMELHO<\/h1>\n<p style=\"text-align: justify;\">O Trevo Vermelho (<strong><em>Trifolium pratense<\/em><\/strong>) \u00e9 uma planta leguminosa que tem vindo a ganhar popularidade na cosm\u00e9tica e na fitoterapia, sobretudo pela sua aplica\u00e7\u00e3o em quest\u00f5es hormonais e na sa\u00fade capilar.<br \/>\nRico em fitoestrog\u00e9nios, minerais e antioxidantes, este ativo \u00e9 especialmente indicado para o cuidado do cabelo feminino, ajudando a <strong>reduzir a queda capilar de origem hormonal<\/strong>. \u00c9 de f\u00e1cil incorpora\u00e7\u00e3o em formula\u00e7\u00f5es e ideal para tratamentos que visam melhorar a <strong>densidade e vitalidade do cabelo<\/strong>. Um aliado natural que acalma, regenera e protege o ecossistema capilar.<\/p>\n<h3>USOS TRADICIONAIS<\/h3>\n<p style=\"text-align: justify;\">O <strong>Trevo Vermelho<\/strong> tem sido utilizado h\u00e1 s\u00e9culos na <strong>medicina tradicional europeia e asi\u00e1tica<\/strong>, tanto com fins <strong>medicinais como depurativos<\/strong>. Em v\u00e1rias culturas, era usado como rem\u00e9dio natural para equilibrar as hormonas femininas, aliviar os afrontamentos da menopausa e regular o ciclo menstrual. Era considerado uma planta-chave nas f\u00f3rmulas de ervan\u00e1ria devido \u00e0 sua capacidade de purificar o sangue e promover a sa\u00fade da pele. Al\u00e9m disso, foi tradicionalmente valorizado pela sua a\u00e7\u00e3o calmante sobre as vias respirat\u00f3rias e como apoio ao sistema linf\u00e1tico. Rico em isoflavonas, compostos com atividade estrog\u00e9nica natural, o <strong>Trevo Vermelho era utilizado para promover o bem-estar geral, especialmente nas mulheres<\/strong>.<\/p>\n<hr \/>\n<h3> <\/h3>\n<h3><span style=\"background-color: #ffdee4;\">ESTUDO CL\u00cdNICO SOBRE O CUIDADO CAPILAR<\/span><\/h3>\n<p>Foi realizado um estudo aleatorizado e controlado com placebo em 30 pessoas com queda de cabelo moderada. Durante 4 meses, os participantes aplicaram diariamente uma lo\u00e7\u00e3o capilar que combinava <strong>extrato da flor de Trevo Vermelho<\/strong> com um p\u00e9ptido biomim\u00e9tico.<\/p>\n<p>\u00a0<\/p>\n<div class=\"row row-large\"  id=\"row-753681247\">\n\n\t<div id=\"col-992364292\" class=\"col medium-6 small-12 large-6\"  >\n\t\t\t\t<div class=\"col-inner\"  >\n\t\t\t\n\t\t\t\n<h3><span style=\"background-color: #ffdee4;\">RESULTADOS DO ESTUDO<\/span><\/h3>\n<p>Ap\u00f3s quatro meses de utiliza\u00e7\u00e3o di\u00e1ria de uma lo\u00e7\u00e3o capilar com <strong>extrato de Trevo Vermelho<\/strong> e um p\u00e9ptido biomim\u00e9tico, observaram-se melhorias significativas, sobretudo no aumento do n\u00famero de cabelos em fase de crescimento e na redu\u00e7\u00e3o da queda capilar.<\/p>\n<p><strong>O extrato de Trevo Vermelho no cabelo melhora:<\/strong><\/p>\n<ul>\n<li>A propor\u00e7\u00e3o de cabelos na fase anag\u00e9nica (crescimento) <\/li>\n<li>A redu\u00e7\u00e3o de cabelos na fase telog\u00e9nica (queda)<\/li>\n<li>A rela\u00e7\u00e3o anag\u00e9nico\/telog\u00e9nico, reflexo do equil\u00edbrio do ciclo capilar<\/li>\n<li>A densidade capilar geral<\/li>\n<li>O volume e a espessura do cabelo<\/li>\n<li>A apar\u00eancia saud\u00e1vel do couro cabeludo<\/li>\n<\/ul>\n\t\t<\/div>\n\t\t\t\t\t<\/div>\n\n\t\n\n\t<div id=\"col-115193211\" class=\"col medium-6 small-12 large-6\"  >\n\t\t\t\t<div class=\"col-inner\"  >\n\t\t\t\n\t\t\t\n\t<div class=\"img has-hover x md-x lg-x y md-y lg-y\" id=\"image_1445006669\">\n\t\t\t\t\t\t\t\t<div class=\"img-inner dark\" >\n\t\t\t<img loading=\"lazy\" decoding=\"async\" width=\"1020\" height=\"1020\" src=\"https:\/\/nuggelasule.com\/wp-content\/uploads\/2025\/07\/Trebol-Rojo.png\" class=\"attachment-large size-large\" alt=\"\" srcset=\"https:\/\/nuggelasule.com\/wp-content\/uploads\/2025\/07\/Trebol-Rojo.png 1024w, https:\/\/nuggelasule.com\/wp-content\/uploads\/2025\/07\/Trebol-Rojo-300x300.png 300w, https:\/\/nuggelasule.com\/wp-content\/uploads\/2025\/07\/Trebol-Rojo-122x122.png 122w, https:\/\/nuggelasule.com\/wp-content\/uploads\/2025\/07\/Trebol-Rojo-768x768.png 768w, https:\/\/nuggelasule.com\/wp-content\/uploads\/2025\/07\/Trebol-Rojo-450x450.png 450w, https:\/\/nuggelasule.com\/wp-content\/uploads\/2025\/07\/Trebol-Rojo-510x510.png 510w, https:\/\/nuggelasule.com\/wp-content\/uploads\/2025\/07\/Trebol-Rojo-100x100.png 100w, https:\/\/nuggelasule.com\/wp-content\/uploads\/2025\/07\/Trebol-Rojo-32x32.png 32w, https:\/\/nuggelasule.com\/wp-content\/uploads\/2025\/07\/Trebol-Rojo-60x60.png 60w, https:\/\/nuggelasule.com\/wp-content\/uploads\/2025\/07\/Trebol-Rojo-90x90.png 90w\" sizes=\"auto, (max-width: 1020px) 100vw, 1020px\" \/>\t\t\t\t\t\t\n\t\t\t\t\t<\/div>\n\t\t\t\t\t\t\t\t\n<style>\n#image_1445006669 {\n  width: 90%;\n}\n<\/style>\n\t<\/div>\n\t\n\t\t<\/div>\n\t\t\t\t\t<\/div>\n\n\t\n<\/div>\n<div class=\"row row-full-width align-middle align-center\"  id=\"row-1572236413\">\n\n\t<div id=\"col-165889032\" class=\"col medium-9 small-12 large-9\"  >\n\t\t\t\t<div class=\"col-inner text-left\"  >\n\t\t\t\n\t\t\t\n<div class=\"message-box relative\" style=\"padding-top:44px;padding-bottom:44px;\"><div class=\"message-box-bg-image bg-fill fill\" ><\/div><div class=\"message-box-bg-overlay bg-fill fill\" style=\"background-color:rgb(255, 222, 228);\"><\/div><div class=\"container relative\"><div class=\"inner last-reset\">\n<div class=\"row align-middle align-center\"  id=\"row-816961660\">\n\n\t<div id=\"col-677887116\" class=\"col medium-9 small-12 large-9\"  >\n\t\t\t\t<div class=\"col-inner\"  >\n\t\t\t\n\t\t\t\n<h3>BENEF\u00cdCIOS PARA O CABELO<\/h3>\n<ul>\n<li>Reduz a queda capilar de origem hormonal<\/li>\n<li>Estimula o crescimento do cabelo<\/li>\n<li>Refor\u00e7a o fol\u00edculo piloso<\/li>\n<li>Acalma e protege o couro cabeludo<\/li>\n<li>Melhora a densidade, a espessura e o volume do cabelo<\/li>\n<li>Antioxidante natural<\/li>\n<\/ul>\n\t\t<\/div>\n\t\t\t\t\t<\/div>\n\n\t\n<\/div>\n<\/div><\/div><\/div>\n\t\t<\/div>\n\t\t\t\t\t<\/div>\n\n\t\n<\/div>\n<p><strong>PRODUTOS QUE CONT\u00caM ESTE INGREDIENTE ATIVO<\/strong><\/p>\n<div class=\"woocommerce columns-4 \"><div class=\"products row row-small large-columns-4 medium-columns-3 small-columns-2 has-equal-box-heights\">\n<div class=\"product-small col has-hover product type-product post-19215 status-publish first instock product_cat-cilios-e-sobrancelhas-pt product_cat-todos-pt has-post-thumbnail taxable shipping-taxable purchasable product-type-simple\">\n\t<div class=\"col-inner\">\n\t\n<div class=\"badge-container absolute left top z-1\">\n\n<\/div>\n\t<div class=\"product-small box \">\n\t\t<div class=\"box-image\">\n\t\t\t<div class=\"image-fade_in_back\">\n\t\t\t\t<a href=\"https:\/\/nuggelasule.com\/pt\/producto\/lash-serum-reforco-para-pestanas-volumizador-nuggela-sule-tratamento-dupla-acao\/\">\n\t\t\t\t\t<img loading=\"lazy\" decoding=\"async\" width=\"450\" height=\"450\" src=\"https:\/\/nuggelasule.com\/wp-content\/uploads\/2016\/02\/Lash-serum_1-450x450.jpg\" class=\"attachment-woocommerce_thumbnail size-woocommerce_thumbnail\" alt=\"Lash Serum - For\u00e7a &amp; Volume\" srcset=\"https:\/\/nuggelasule.com\/wp-content\/uploads\/2016\/02\/Lash-serum_1-450x450.jpg 450w, https:\/\/nuggelasule.com\/wp-content\/uploads\/2016\/02\/Lash-serum_1-300x300.jpg 300w, https:\/\/nuggelasule.com\/wp-content\/uploads\/2016\/02\/Lash-serum_1-1024x1024.jpg 1024w, https:\/\/nuggelasule.com\/wp-content\/uploads\/2016\/02\/Lash-serum_1-122x122.jpg 122w, https:\/\/nuggelasule.com\/wp-content\/uploads\/2016\/02\/Lash-serum_1-768x768.jpg 768w, https:\/\/nuggelasule.com\/wp-content\/uploads\/2016\/02\/Lash-serum_1-510x510.jpg 510w, https:\/\/nuggelasule.com\/wp-content\/uploads\/2016\/02\/Lash-serum_1-100x100.jpg 100w, https:\/\/nuggelasule.com\/wp-content\/uploads\/2016\/02\/Lash-serum_1-32x32.jpg 32w, https:\/\/nuggelasule.com\/wp-content\/uploads\/2016\/02\/Lash-serum_1.jpg 1080w\" sizes=\"auto, (max-width: 450px) 100vw, 450px\" \/><img loading=\"lazy\" decoding=\"async\" width=\"450\" height=\"450\" src=\"https:\/\/nuggelasule.com\/wp-content\/uploads\/2016\/02\/B0D4MG5P57.PT01-450x450.jpg\" class=\"show-on-hover absolute fill hide-for-small back-image\" alt=\"Alternative view of Lash Serum - For\u00e7a &amp; Volume\" aria-hidden=\"true\" srcset=\"https:\/\/nuggelasule.com\/wp-content\/uploads\/2016\/02\/B0D4MG5P57.PT01-450x450.jpg 450w, https:\/\/nuggelasule.com\/wp-content\/uploads\/2016\/02\/B0D4MG5P57.PT01-300x300.jpg 300w, https:\/\/nuggelasule.com\/wp-content\/uploads\/2016\/02\/B0D4MG5P57.PT01-1024x1024.jpg 1024w, https:\/\/nuggelasule.com\/wp-content\/uploads\/2016\/02\/B0D4MG5P57.PT01-122x122.jpg 122w, https:\/\/nuggelasule.com\/wp-content\/uploads\/2016\/02\/B0D4MG5P57.PT01-768x768.jpg 768w, https:\/\/nuggelasule.com\/wp-content\/uploads\/2016\/02\/B0D4MG5P57.PT01-510x510.jpg 510w, https:\/\/nuggelasule.com\/wp-content\/uploads\/2016\/02\/B0D4MG5P57.PT01-100x100.jpg 100w, https:\/\/nuggelasule.com\/wp-content\/uploads\/2016\/02\/B0D4MG5P57.PT01-32x32.jpg 32w, https:\/\/nuggelasule.com\/wp-content\/uploads\/2016\/02\/B0D4MG5P57.PT01.jpg 1097w\" sizes=\"auto, (max-width: 450px) 100vw, 450px\" \/>\t\t\t\t<\/a>\n\t\t\t<\/div>\n\t\t\t<div class=\"image-tools is-small top right show-on-hover\">\n\t\t\t\t\t\t\t<\/div>\n\t\t\t<div class=\"image-tools is-small hide-for-small bottom left show-on-hover\">\n\t\t\t\t\t\t\t<\/div>\n\t\t\t<div class=\"image-tools grid-tools text-center hide-for-small bottom hover-slide-in show-on-hover\">\n\t\t\t\t\t\t\t<\/div>\n\t\t\t\t\t<\/div>\n\n\t\t<div class=\"box-text box-text-products\">\n\t\t\t<div class=\"title-wrapper\"><p class=\"name product-title woocommerce-loop-product__title\"><a href=\"https:\/\/nuggelasule.com\/pt\/producto\/lash-serum-reforco-para-pestanas-volumizador-nuggela-sule-tratamento-dupla-acao\/\" class=\"woocommerce-LoopProduct-link woocommerce-loop-product__link\">Lash Serum &#8211; For\u00e7a &#038; Volume<\/a><\/p><\/div><div class=\"price-wrapper\">\n\t<span class=\"price\"><span class=\"woocommerce-Price-amount amount\"><bdi>39,90&nbsp;<span class=\"woocommerce-Price-currencySymbol\">&euro;<\/span><\/bdi><\/span><\/span>\n<\/div>\t\t<\/div>\n\t<\/div>\n\t\t<\/div>\n<\/div><div class=\"product-small col has-hover out-of-stock product type-product post-25726 status-publish outofstock product_cat-seruns-forte product_cat-todos-pt product_tag-anti-caida-pt product_tag-crecimiento-cabello-pt has-post-thumbnail featured taxable shipping-taxable purchasable product-type-simple\">\n\t<div class=\"col-inner\">\n\t\n<div class=\"badge-container absolute left top z-1\">\n\n<div class=\"badge callout badge-circle\"><div class=\"badge-inner callout-new-bg is-small new-bubble\">New<\/div><\/div><\/div>\n\t<div class=\"product-small box \">\n\t\t<div class=\"box-image\">\n\t\t\t<div class=\"image-fade_in_back\">\n\t\t\t\t<a href=\"https:\/\/nuggelasule.com\/pt\/producto\/serum-anti-queda-forte-tratamento-choque-queda-capilar-capixyl-cebola-roxa-glicogenio-marinho\/\">\n\t\t\t\t\t<img loading=\"lazy\" decoding=\"async\" width=\"450\" height=\"450\" src=\"https:\/\/nuggelasule.com\/wp-content\/uploads\/2025\/06\/B0FJMN8ZGG.MAIN1_-450x450.jpg\" class=\"attachment-woocommerce_thumbnail size-woocommerce_thumbnail\" alt=\"S\u00e9rum Anti-Queda Forte\" srcset=\"https:\/\/nuggelasule.com\/wp-content\/uploads\/2025\/06\/B0FJMN8ZGG.MAIN1_-450x450.jpg 450w, https:\/\/nuggelasule.com\/wp-content\/uploads\/2025\/06\/B0FJMN8ZGG.MAIN1_-300x300.jpg 300w, https:\/\/nuggelasule.com\/wp-content\/uploads\/2025\/06\/B0FJMN8ZGG.MAIN1_-1024x1024.jpg 1024w, https:\/\/nuggelasule.com\/wp-content\/uploads\/2025\/06\/B0FJMN8ZGG.MAIN1_-122x122.jpg 122w, https:\/\/nuggelasule.com\/wp-content\/uploads\/2025\/06\/B0FJMN8ZGG.MAIN1_-768x768.jpg 768w, https:\/\/nuggelasule.com\/wp-content\/uploads\/2025\/06\/B0FJMN8ZGG.MAIN1_-510x510.jpg 510w, https:\/\/nuggelasule.com\/wp-content\/uploads\/2025\/06\/B0FJMN8ZGG.MAIN1_-100x100.jpg 100w, https:\/\/nuggelasule.com\/wp-content\/uploads\/2025\/06\/B0FJMN8ZGG.MAIN1_-32x32.jpg 32w, https:\/\/nuggelasule.com\/wp-content\/uploads\/2025\/06\/B0FJMN8ZGG.MAIN1_.jpg 1080w\" sizes=\"auto, (max-width: 450px) 100vw, 450px\" \/><img loading=\"lazy\" decoding=\"async\" width=\"450\" height=\"450\" src=\"https:\/\/nuggelasule.com\/wp-content\/uploads\/2025\/06\/B0FJMN8ZGG.PT01-1-450x450.jpg\" class=\"show-on-hover absolute fill hide-for-small back-image\" alt=\"Alternative view of S\u00e9rum Anti-Queda Forte\" aria-hidden=\"true\" srcset=\"https:\/\/nuggelasule.com\/wp-content\/uploads\/2025\/06\/B0FJMN8ZGG.PT01-1-450x450.jpg 450w, https:\/\/nuggelasule.com\/wp-content\/uploads\/2025\/06\/B0FJMN8ZGG.PT01-1-300x300.jpg 300w, https:\/\/nuggelasule.com\/wp-content\/uploads\/2025\/06\/B0FJMN8ZGG.PT01-1-1024x1024.jpg 1024w, https:\/\/nuggelasule.com\/wp-content\/uploads\/2025\/06\/B0FJMN8ZGG.PT01-1-122x122.jpg 122w, https:\/\/nuggelasule.com\/wp-content\/uploads\/2025\/06\/B0FJMN8ZGG.PT01-1-768x768.jpg 768w, https:\/\/nuggelasule.com\/wp-content\/uploads\/2025\/06\/B0FJMN8ZGG.PT01-1-510x510.jpg 510w, https:\/\/nuggelasule.com\/wp-content\/uploads\/2025\/06\/B0FJMN8ZGG.PT01-1-100x100.jpg 100w, https:\/\/nuggelasule.com\/wp-content\/uploads\/2025\/06\/B0FJMN8ZGG.PT01-1-32x32.jpg 32w, https:\/\/nuggelasule.com\/wp-content\/uploads\/2025\/06\/B0FJMN8ZGG.PT01-1.jpg 1097w\" sizes=\"auto, (max-width: 450px) 100vw, 450px\" \/>\t\t\t\t<\/a>\n\t\t\t<\/div>\n\t\t\t<div class=\"image-tools is-small top right show-on-hover\">\n\t\t\t\t\t\t\t<\/div>\n\t\t\t<div class=\"image-tools is-small hide-for-small bottom left show-on-hover\">\n\t\t\t\t\t\t\t<\/div>\n\t\t\t<div class=\"image-tools grid-tools text-center hide-for-small bottom hover-slide-in show-on-hover\">\n\t\t\t\t\t\t\t<\/div>\n\t\t\t<div class=\"out-of-stock-label\">Esgotado<\/div>\t\t<\/div>\n\n\t\t<div class=\"box-text box-text-products\">\n\t\t\t<div class=\"title-wrapper\"><p class=\"name product-title woocommerce-loop-product__title\"><a href=\"https:\/\/nuggelasule.com\/pt\/producto\/serum-anti-queda-forte-tratamento-choque-queda-capilar-capixyl-cebola-roxa-glicogenio-marinho\/\" class=\"woocommerce-LoopProduct-link woocommerce-loop-product__link\">S\u00e9rum Anti-Queda Forte<\/a><\/p><\/div><div class=\"price-wrapper\">\n\t<span class=\"price\"><span class=\"woocommerce-Price-amount amount\"><bdi>34,90&nbsp;<span class=\"woocommerce-Price-currencySymbol\">&euro;<\/span><\/bdi><\/span><\/span>\n<\/div>\t\t<\/div>\n\t<\/div>\n\t\t<\/div>\n<\/div><\/div><!-- row -->\n<\/div>\n","protected":false},"excerpt":{"rendered":"<p>TREVO VERMELHO O Trevo Vermelho (Trifolium pratense) \u00e9 uma planta leguminosa que tem vindo a ganhar popularidade na cosm\u00e9tica e na fitoterapia, sobretudo pela sua aplica\u00e7\u00e3o em quest\u00f5es hormonais e na sa\u00fade capilar. Rico em fitoestrog\u00e9nios, minerais e antioxidantes, este ativo \u00e9 especialmente indicado para o cuidado do cabelo feminino, ajudando a reduzir a queda [&#8230;]\n","protected":false},"author":1469,"featured_media":0,"parent":0,"menu_order":0,"comment_status":"closed","ping_status":"closed","template":"","meta":{"_acf_changed":false,"footnotes":""},"class_list":["post-25902","page","type-page","status-publish","hentry"],"acf":[],"yoast_head":"<!-- This site is optimized with the Yoast SEO plugin v27.0 - https:\/\/yoast.com\/product\/yoast-seo-wordpress\/ -->\n<title>Trevo Vermelho - Nuggela &amp; Sul\u00e9<\/title>\n<meta name=\"robots\" content=\"index, follow, max-snippet:-1, max-image-preview:large, max-video-preview:-1\" \/>\n<link rel=\"canonical\" href=\"https:\/\/nuggelasule.com\/pt\/extrato-trevo-vermelho\/\" \/>\n<meta property=\"og:locale\" content=\"pt_PT\" \/>\n<meta property=\"og:type\" content=\"article\" \/>\n<meta property=\"og:title\" content=\"Trevo Vermelho - Nuggela &amp; Sul\u00e9\" \/>\n<meta property=\"og:description\" content=\"TREVO VERMELHO O Trevo Vermelho (Trifolium pratense) \u00e9 uma planta leguminosa que tem vindo a ganhar popularidade na cosm\u00e9tica e na fitoterapia, sobretudo pela sua aplica\u00e7\u00e3o em quest\u00f5es hormonais e na sa\u00fade capilar. Rico em fitoestrog\u00e9nios, minerais e antioxidantes, este ativo \u00e9 especialmente indicado para o cuidado do cabelo feminino, ajudando a reduzir a queda [...]\" \/>\n<meta property=\"og:url\" content=\"https:\/\/nuggelasule.com\/pt\/extrato-trevo-vermelho\/\" \/>\n<meta property=\"og:site_name\" content=\"Nuggela &amp; Sul\u00e9\" \/>\n<meta property=\"article:publisher\" content=\"https:\/\/www.facebook.com\/nuggelasule\/\" \/>\n<meta property=\"og:image\" content=\"https:\/\/nuggelasule.com\/wp-content\/uploads\/2024\/08\/LOGO_nuggelasule.png\" \/>\n\t<meta property=\"og:image:width\" content=\"1200\" \/>\n\t<meta property=\"og:image:height\" content=\"675\" \/>\n\t<meta property=\"og:image:type\" content=\"image\/png\" \/>\n<meta name=\"twitter:card\" content=\"summary_large_image\" \/>\n<meta name=\"twitter:site\" content=\"@nuggelasule\" \/>\n<script type=\"application\/ld+json\" class=\"yoast-schema-graph\">{\"@context\":\"https:\/\/schema.org\",\"@graph\":[{\"@type\":\"WebPage\",\"@id\":\"https:\/\/nuggelasule.com\/pt\/extrato-trevo-vermelho\/\",\"url\":\"https:\/\/nuggelasule.com\/pt\/extrato-trevo-vermelho\/\",\"name\":\"Trevo Vermelho - Nuggela &amp; Sul\u00e9\",\"isPartOf\":{\"@id\":\"https:\/\/nuggelasule.com\/#website\"},\"datePublished\":\"2025-07-03T09:25:19+00:00\",\"breadcrumb\":{\"@id\":\"https:\/\/nuggelasule.com\/pt\/extrato-trevo-vermelho\/#breadcrumb\"},\"inLanguage\":\"pt\",\"potentialAction\":[{\"@type\":\"ReadAction\",\"target\":[\"https:\/\/nuggelasule.com\/pt\/extrato-trevo-vermelho\/\"]}]},{\"@type\":\"BreadcrumbList\",\"@id\":\"https:\/\/nuggelasule.com\/pt\/extrato-trevo-vermelho\/#breadcrumb\",\"itemListElement\":[{\"@type\":\"ListItem\",\"position\":1,\"name\":\"Portada\",\"item\":\"https:\/\/nuggelasule.com\/pt\/\"},{\"@type\":\"ListItem\",\"position\":2,\"name\":\"Trevo Vermelho\"}]},{\"@type\":\"WebSite\",\"@id\":\"https:\/\/nuggelasule.com\/#website\",\"url\":\"https:\/\/nuggelasule.com\/\",\"name\":\"Nuggela &amp; Sul\u00e9\",\"description\":\"Los mejores productos para la salud y belleza del cabello\",\"publisher\":{\"@id\":\"https:\/\/nuggelasule.com\/#organization\"},\"potentialAction\":[{\"@type\":\"SearchAction\",\"target\":{\"@type\":\"EntryPoint\",\"urlTemplate\":\"https:\/\/nuggelasule.com\/?s={search_term_string}\"},\"query-input\":{\"@type\":\"PropertyValueSpecification\",\"valueRequired\":true,\"valueName\":\"search_term_string\"}}],\"inLanguage\":\"pt\"},{\"@type\":\"Organization\",\"@id\":\"https:\/\/nuggelasule.com\/#organization\",\"name\":\"Nuggela&Sul\u00e9 S.L.\",\"url\":\"https:\/\/nuggelasule.com\/\",\"logo\":{\"@type\":\"ImageObject\",\"inLanguage\":\"pt\",\"@id\":\"https:\/\/nuggelasule.com\/#\/schema\/logo\/image\/\",\"url\":\"\",\"contentUrl\":\"\",\"caption\":\"Nuggela&Sul\u00e9 S.L.\"},\"image\":{\"@id\":\"https:\/\/nuggelasule.com\/#\/schema\/logo\/image\/\"},\"sameAs\":[\"https:\/\/www.facebook.com\/nuggelasule\/\",\"https:\/\/x.com\/nuggelasule\",\"https:\/\/www.instagram.com\/nuggela_sule\/\",\"https:\/\/www.linkedin.com\/company\/9406545\",\"https:\/\/www.youtube.com\/channel\/UCP-uGf_c8i2FI4TXfhffEKw\"]}]}<\/script>\n<!-- \/ Yoast SEO plugin. -->","yoast_head_json":{"title":"Trevo Vermelho - Nuggela &amp; Sul\u00e9","robots":{"index":"index","follow":"follow","max-snippet":"max-snippet:-1","max-image-preview":"max-image-preview:large","max-video-preview":"max-video-preview:-1"},"canonical":"https:\/\/nuggelasule.com\/pt\/extrato-trevo-vermelho\/","og_locale":"pt_PT","og_type":"article","og_title":"Trevo Vermelho - Nuggela &amp; Sul\u00e9","og_description":"TREVO VERMELHO O Trevo Vermelho (Trifolium pratense) \u00e9 uma planta leguminosa que tem vindo a ganhar popularidade na cosm\u00e9tica e na fitoterapia, sobretudo pela sua aplica\u00e7\u00e3o em quest\u00f5es hormonais e na sa\u00fade capilar. Rico em fitoestrog\u00e9nios, minerais e antioxidantes, este ativo \u00e9 especialmente indicado para o cuidado do cabelo feminino, ajudando a reduzir a queda [...]","og_url":"https:\/\/nuggelasule.com\/pt\/extrato-trevo-vermelho\/","og_site_name":"Nuggela &amp; Sul\u00e9","article_publisher":"https:\/\/www.facebook.com\/nuggelasule\/","og_image":[{"width":1200,"height":675,"url":"https:\/\/nuggelasule.com\/wp-content\/uploads\/2024\/08\/LOGO_nuggelasule.png","type":"image\/png"}],"twitter_card":"summary_large_image","twitter_site":"@nuggelasule","schema":{"@context":"https:\/\/schema.org","@graph":[{"@type":"WebPage","@id":"https:\/\/nuggelasule.com\/pt\/extrato-trevo-vermelho\/","url":"https:\/\/nuggelasule.com\/pt\/extrato-trevo-vermelho\/","name":"Trevo Vermelho - Nuggela &amp; Sul\u00e9","isPartOf":{"@id":"https:\/\/nuggelasule.com\/#website"},"datePublished":"2025-07-03T09:25:19+00:00","breadcrumb":{"@id":"https:\/\/nuggelasule.com\/pt\/extrato-trevo-vermelho\/#breadcrumb"},"inLanguage":"pt","potentialAction":[{"@type":"ReadAction","target":["https:\/\/nuggelasule.com\/pt\/extrato-trevo-vermelho\/"]}]},{"@type":"BreadcrumbList","@id":"https:\/\/nuggelasule.com\/pt\/extrato-trevo-vermelho\/#breadcrumb","itemListElement":[{"@type":"ListItem","position":1,"name":"Portada","item":"https:\/\/nuggelasule.com\/pt\/"},{"@type":"ListItem","position":2,"name":"Trevo Vermelho"}]},{"@type":"WebSite","@id":"https:\/\/nuggelasule.com\/#website","url":"https:\/\/nuggelasule.com\/","name":"Nuggela &amp; Sul\u00e9","description":"Los mejores productos para la salud y belleza del cabello","publisher":{"@id":"https:\/\/nuggelasule.com\/#organization"},"potentialAction":[{"@type":"SearchAction","target":{"@type":"EntryPoint","urlTemplate":"https:\/\/nuggelasule.com\/?s={search_term_string}"},"query-input":{"@type":"PropertyValueSpecification","valueRequired":true,"valueName":"search_term_string"}}],"inLanguage":"pt"},{"@type":"Organization","@id":"https:\/\/nuggelasule.com\/#organization","name":"Nuggela&Sul\u00e9 S.L.","url":"https:\/\/nuggelasule.com\/","logo":{"@type":"ImageObject","inLanguage":"pt","@id":"https:\/\/nuggelasule.com\/#\/schema\/logo\/image\/","url":"","contentUrl":"","caption":"Nuggela&Sul\u00e9 S.L."},"image":{"@id":"https:\/\/nuggelasule.com\/#\/schema\/logo\/image\/"},"sameAs":["https:\/\/www.facebook.com\/nuggelasule\/","https:\/\/x.com\/nuggelasule","https:\/\/www.instagram.com\/nuggela_sule\/","https:\/\/www.linkedin.com\/company\/9406545","https:\/\/www.youtube.com\/channel\/UCP-uGf_c8i2FI4TXfhffEKw"]}]}},"_links":{"self":[{"href":"https:\/\/nuggelasule.com\/pt\/wp-json\/wp\/v2\/pages\/25902","targetHints":{"allow":["GET"]}}],"collection":[{"href":"https:\/\/nuggelasule.com\/pt\/wp-json\/wp\/v2\/pages"}],"about":[{"href":"https:\/\/nuggelasule.com\/pt\/wp-json\/wp\/v2\/types\/page"}],"author":[{"embeddable":true,"href":"https:\/\/nuggelasule.com\/pt\/wp-json\/wp\/v2\/users\/1469"}],"replies":[{"embeddable":true,"href":"https:\/\/nuggelasule.com\/pt\/wp-json\/wp\/v2\/comments?post=25902"}],"version-history":[{"count":1,"href":"https:\/\/nuggelasule.com\/pt\/wp-json\/wp\/v2\/pages\/25902\/revisions"}],"predecessor-version":[{"id":25903,"href":"https:\/\/nuggelasule.com\/pt\/wp-json\/wp\/v2\/pages\/25902\/revisions\/25903"}],"wp:attachment":[{"href":"https:\/\/nuggelasule.com\/pt\/wp-json\/wp\/v2\/media?parent=25902"}],"curies":[{"name":"wp","href":"https:\/\/api.w.org\/{rel}","templated":true}]},"billing":{"billing_DNI":""}}